{"id":180,"date":"2024-02-22T11:29:12","date_gmt":"2024-02-22T11:29:12","guid":{"rendered":"https:\/\/acasca.pt\/?page_id=180"},"modified":"2024-02-22T17:00:49","modified_gmt":"2024-02-22T17:00:49","slug":"links-uteis","status":"publish","type":"page","link":"https:\/\/acasca.pt\/?page_id=180","title":{"rendered":"LINKS \u00daTEIS"},"content":{"rendered":"\n<p><\/p>\n\n\n\n<figure class=\"wp-block-table is-style-stripes\"><table class=\"has-fixed-layout\"><thead><tr><th><strong>Organismos Institucionais e Profissionais<\/strong><\/th><\/tr><\/thead><tbody><tr><td><a href=\"https:\/\/www.portugal.gov.pt\/pt\/gc23\" data-type=\"link\" data-id=\"https:\/\/www.portugal.gov.pt\/pt\/gc23\" target=\"_blank\" rel=\"noreferrer noopener\">Minist\u00e9rio de Estados e das Finan\u00e7as<\/a><\/td><\/tr><tr><td><a href=\"https:\/\/www.portaldasfinancas.gov.pt\/pt\/home.action\" data-type=\"link\" data-id=\"https:\/\/www.portaldasfinancas.gov.pt\/pt\/home.action\" target=\"_blank\" rel=\"noreferrer noopener\">Autoridade Tribut\u00e1ria e Aduaneira &#8211; Portal das Finan\u00e7as<\/a> <\/td><\/tr><tr><td><a href=\"http:\/\/www4.seg-social.pt\/\" data-type=\"link\" data-id=\"http:\/\/www4.seg-social.pt\/\" target=\"_blank\" rel=\"noreferrer noopener\">Seguran\u00e7a Social<\/a><\/td><\/tr><tr><td><a href=\"https:\/\/ec.europa.eu\/taxation_customs\/vies\/\" data-type=\"link\" data-id=\"https:\/\/ec.europa.eu\/taxation_customs\/vies\/\" target=\"_blank\" rel=\"noreferrer noopener\">Sistema de Interc\u00e2mbio de Informa\u00e7\u00e3o sobre o IVA (VIES) Valida\u00e7\u00e3o n\u00ba IVA<\/a><\/td><\/tr><tr><td><a href=\"http:\/\/www.irn.mj.pt\/IRN\/sections\/inicio\" data-type=\"link\" data-id=\"http:\/\/www.irn.mj.pt\/IRN\/sections\/inicio\" target=\"_blank\" rel=\"noreferrer noopener\">IRN &#8211; Instituto dos Registos e do Notariado<\/a><\/td><\/tr><tr><td><a href=\"http:\/\/www.apeca.pt\/\" data-type=\"link\" data-id=\"http:\/\/www.apeca.pt\/\" target=\"_blank\" rel=\"noreferrer noopener\">APECA &#8211; Associa\u00e7\u00e3o Portuguesa das Empresas de Contabilidade e Administra\u00e7\u00e3o<\/a><\/td><\/tr><tr><td><a href=\"http:\/\/www.apotec.pt\/homepage.php\" data-type=\"link\" data-id=\"http:\/\/www.apotec.pt\/homepage.php\" target=\"_blank\" rel=\"noreferrer noopener\">APOTEC<\/a><\/td><\/tr><\/tbody><\/table><\/figure>\n\n\n\n<figure class=\"wp-block-table is-style-stripes\"><table class=\"has-fixed-layout\"><thead><tr><th><strong>Entidades de Apoio \u00e0 Gest\u00e3o<\/strong><\/th><\/tr><\/thead><tbody><tr><td><a href=\"https:\/\/www.ine.pt\/xportal\/xmain?xpid=INE&amp;xpgid=ine_main\" data-type=\"link\" data-id=\"https:\/\/www.ine.pt\/xportal\/xmain?xpid=INE&amp;xpgid=ine_main\" target=\"_blank\" rel=\"noreferrer noopener\">INE &#8211; Instituto Nacional de Estat\u00edstica<\/a><\/td><\/tr><tr><td><a href=\"https:\/\/irn.justica.gov.pt\/\" data-type=\"link\" data-id=\"https:\/\/irn.justica.gov.pt\/\" target=\"_blank\" rel=\"noreferrer noopener\">Instituto dos Registos e do Notariado<\/a><\/td><\/tr><tr><td><a href=\"https:\/\/www.bportugal.pt\/\" data-type=\"link\" data-id=\"https:\/\/www.bportugal.pt\/\" target=\"_blank\" rel=\"noreferrer noopener\">Banco de Portugal<\/a><\/td><\/tr><tr><td><a href=\"http:\/\/www.portaldaempresa.pt\/cve\/pt\" data-type=\"link\" data-id=\"http:\/\/www.portaldaempresa.pt\/cve\/pt\" target=\"_blank\" rel=\"noreferrer noopener\">Portal da Empresa<\/a><\/td><\/tr><tr><td><a href=\"https:\/\/justica.gov.pt\/Servicos\/Empresa-na-Hora\" data-type=\"link\" data-id=\"https:\/\/justica.gov.pt\/Servicos\/Empresa-na-Hora\" target=\"_blank\" rel=\"noreferrer noopener\">Empresa na Hora<\/a><\/td><\/tr><tr><td><a href=\"http:\/\/www.portaldocidadao.pt\/portal\/pt\" data-type=\"link\" data-id=\"http:\/\/www.portaldocidadao.pt\/portal\/pt\" target=\"_blank\" rel=\"noreferrer noopener\">Portal do Cidad\u00e3o<\/a><\/td><\/tr><tr><td><a href=\"https:\/\/www.incm.pt\/portal\/index.jsp\" data-type=\"link\" data-id=\"https:\/\/www.incm.pt\/portal\/index.jsp\" target=\"_blank\" rel=\"noreferrer noopener\">Imprensa Nacional Casa da Moeda<\/a><\/td><\/tr><tr><td><a href=\"https:\/\/diariodarepublica.pt\/dr\/home\" data-type=\"link\" data-id=\"https:\/\/diariodarepublica.pt\/dr\/home\" target=\"_blank\" rel=\"noreferrer noopener\">Di\u00e1rio da Rep\u00fablica Eletr\u00f3nico<\/a><\/td><\/tr><tr><td><a href=\"https:\/\/publicacoes.mj.pt\/\" data-type=\"link\" data-id=\"https:\/\/publicacoes.mj.pt\/\" target=\"_blank\" rel=\"noreferrer noopener\">Publica\u00e7\u00f5es Obrigat\u00f3rias dos Atos Societ\u00e1rios<\/a><\/td><\/tr><tr><td><a href=\"http:\/\/web3.cmvm.pt\/sdi2004\/IFs\/custos\/simulador_a.cfm\" data-type=\"link\" data-id=\"http:\/\/web3.cmvm.pt\/sdi2004\/IFs\/custos\/simulador_a.cfm\" target=\"_blank\" rel=\"noreferrer noopener\">Simulador de Custos de Investimento em Bolsa<\/a><\/td><\/tr><\/tbody><\/table><\/figure>\n\n\n\n<figure class=\"wp-block-table is-style-stripes\"><table class=\"has-fixed-layout\"><thead><tr><th><strong>Organismos de Gest\u00e3o dos Projetos de Investimento<\/strong><\/th><\/tr><\/thead><tbody><tr><td><a href=\"http:\/\/www.pt-2020.pt\/\" data-type=\"link\" data-id=\"http:\/\/www.pt-2020.pt\/\" target=\"_blank\" rel=\"noreferrer noopener\">Balc\u00e3o 2020<\/a><\/td><\/tr><tr><td><a href=\"https:\/\/cite.gov.pt\/quadro-de-referencia-estrategico-nacional\" data-type=\"link\" data-id=\"https:\/\/cite.gov.pt\/quadro-de-referencia-estrategico-nacional\" target=\"_blank\" rel=\"noreferrer noopener\">Quadro de Refer\u00eancia Estrat\u00e9gico Nacional<\/a><\/td><\/tr><tr><td><a href=\"http:\/\/www.iapmei.pt\/\" data-type=\"link\" data-id=\"http:\/\/www.iapmei.pt\/\" target=\"_blank\" rel=\"noreferrer noopener\">IAPMEI<\/a><\/td><\/tr><tr><td><a href=\"http:\/\/portugalsoueu.pt\/\" data-type=\"link\" data-id=\"http:\/\/portugalsoueu.pt\/\" target=\"_blank\" rel=\"noreferrer noopener\">Portugal Sou Eu<\/a><\/td><\/tr><tr><td><a href=\"http:\/\/www.proder.pt\/homepage.aspx\" data-type=\"link\" data-id=\"http:\/\/www.proder.pt\/homepage.aspx\" target=\"_blank\" rel=\"noreferrer noopener\">PRODER<\/a><\/td><\/tr><tr><td><a href=\"http:\/\/www.portaldosincentivos.pt\/index.php\/proder\" data-type=\"link\" data-id=\"http:\/\/www.portaldosincentivos.pt\/index.php\/proder\" target=\"_blank\" rel=\"noreferrer noopener\">Portal dos Incentivos<\/a><\/td><\/tr><tr><td><a href=\"http:\/\/www.portugalglobal.pt\/PT\/Paginas\/Index.aspx\" data-type=\"link\" data-id=\"http:\/\/www.portugalglobal.pt\/PT\/Paginas\/Index.aspx\" target=\"_blank\" rel=\"noreferrer noopener\">AICEP<\/a><\/td><\/tr><tr><td><a href=\"http:\/\/ec.europa.eu\/programmes\/horizon2020\/\" data-type=\"link\" data-id=\"http:\/\/ec.europa.eu\/programmes\/horizon2020\/\" target=\"_blank\" rel=\"noreferrer noopener\">Horizon 2020 &#8211; EC<\/a><\/td><\/tr><\/tbody><\/table><\/figure>\n\n\n\n<figure class=\"wp-block-table is-style-stripes\"><table class=\"has-fixed-layout\"><thead><tr><th><strong>Organismos Profissionais de \u00c2mbito Internacional<\/strong><\/th><\/tr><\/thead><tbody><tr><td><a href=\"https:\/\/www.cilea.info\/\" data-type=\"link\" data-id=\"https:\/\/www.cilea.info\/\" target=\"_blank\" rel=\"noreferrer noopener\">CILEA &#8211; Comit\u00e9 de Integra\u00e7\u00e3o Latino Europa-Am\u00e9rica<\/a><\/td><\/tr><tr><td><a href=\"https:\/\/efaa.com\/\" data-type=\"link\" data-id=\"https:\/\/efaa.com\/\" target=\"_blank\" rel=\"noreferrer noopener\">EFAA &#8211; European Federation of Accountants and Auditors for SME<\/a><\/td><\/tr><tr><td><a href=\"http:\/\/www.cfc.org.br\/\" data-type=\"link\" data-id=\"http:\/\/www.cfc.org.br\/\" target=\"_blank\" rel=\"noreferrer noopener\">CFC &#8211; Conselho Federal de Contabilidade do Brasil<\/a><\/td><\/tr><tr><td><a href=\"https:\/\/aeca.es\/\" data-type=\"link\" data-id=\"https:\/\/aeca.es\/\" target=\"_blank\" rel=\"noreferrer noopener\">AECA &#8211; Associaci\u00f3n Espa\u00f1ola de Contabilidad y Administraci\u00f3n de Empresas<\/a><\/td><\/tr><tr><td><a href=\"http:\/\/www.ifac.org\/About\/\" target=\"_blank\" rel=\"noreferrer noopener\">IFAC &#8211; International Federation of Accountants<\/a><\/td><\/tr><tr><td><a href=\"http:\/\/www.eaa-online.org\/\" target=\"_blank\" rel=\"noreferrer noopener\">EAA &#8211; European Accounting Association<\/a><\/td><\/tr><tr><td><a href=\"http:\/\/www.fee.be\/\" target=\"_blank\" rel=\"noreferrer noopener\">FEE &#8211; F\u00e9deration des Experts Comptables Europ\u00e9ens<\/a><\/td><\/tr><tr><td><a href=\"http:\/\/www.charteredaccountants.ie\/\" target=\"_blank\" rel=\"noreferrer noopener\">Institute of Chartered Accountants in Ireland<\/a><\/td><\/tr><tr><td><a href=\"http:\/\/www.icaewfirms.co.uk\/\" target=\"_blank\" rel=\"noreferrer noopener\">Institute of Chartered Accountants in England &amp; Wales<\/a><\/td><\/tr><tr><td><a href=\"http:\/\/www.icas.org.uk\/icas\/\" target=\"_blank\" rel=\"noreferrer noopener\">Institute of Chartered Accountants of Scotland<\/a><\/td><\/tr><tr><td><a href=\"http:\/\/www.idw.de\/\" target=\"_blank\" rel=\"noreferrer noopener\">Institut Der Wirtschaftspr\u00fcfer<\/a><\/td><\/tr><tr><td><a href=\"http:\/\/www.aswa.org\/\" target=\"_blank\" rel=\"noreferrer noopener\">American Society of Women Accountants<\/a><\/td><\/tr><tr><td><a href=\"http:\/\/www.acaus.org\/\" target=\"_blank\" rel=\"noreferrer noopener\">Association of Chartered Accountants in the U.S.<\/a><\/td><\/tr><tr><td><a href=\"http:\/\/www.aicpa.org\/Pages\/Default.aspx\" target=\"_blank\" rel=\"noreferrer noopener\">American Institute of Certified Public Accountants<\/a><\/td><\/tr><tr><td><a href=\"http:\/\/www.acca.co.uk\/\" target=\"_blank\" rel=\"noreferrer noopener\">ACCA &#8211; Association of Chartered Certified Accountants in UK<\/a><\/td><\/tr><\/tbody><\/table><\/figure>\n\n\n\n<figure class=\"wp-block-table is-style-stripes\"><table class=\"has-fixed-layout\"><thead><tr><th>Normaliza\u00e7\u00e3o Contabil\u00edstica <\/th><\/tr><\/thead><tbody><tr><td><a href=\"http:\/\/www.cnc.min-financas.pt\/\" target=\"_blank\" rel=\"noreferrer noopener\">CNC &#8211; Comiss\u00e3o de Normaliza\u00e7\u00e3o Contabil\u00edstica<\/a><\/td><\/tr><tr><td><a href=\"http:\/\/www.ifrs.org\/Pages\/default.aspx\" target=\"_blank\" rel=\"noreferrer noopener\">IASB &#8211; International Accounting Standards Board<\/a><\/td><\/tr><tr><td><a href=\"http:\/\/www.fasb.org\/\" target=\"_blank\" rel=\"noreferrer noopener\">FASB &#8211; Financial Accounting Standards Boards<\/a><\/td><\/tr><\/tbody><\/table><\/figure>\n\n\n\n<p><\/p>\n","protected":false},"excerpt":{"rendered":"<p>Organismos Institucionais e Profissionais Minist\u00e9rio de Estados e das Finan\u00e7as Autoridade Tribut\u00e1ria e Aduaneira &#8211; Portal das Finan\u00e7as Seguran\u00e7a Social Sistema de Interc\u00e2mbio de Informa\u00e7\u00e3o sobre o IVA (VIES) Valida\u00e7\u00e3o n\u00ba IVA IRN &#8211; Instituto dos Registos e do Notariado APECA &#8211; Associa\u00e7\u00e3o Portuguesa das Empresas de Contabilidade e Administra\u00e7\u00e3o APOTEC Entidades de Apoio \u00e0 [&hellip;]<\/p>\n","protected":false},"author":1,"featured_media":0,"parent":0,"menu_order":0,"comment_status":"closed","ping_status":"closed","template":"fullwidth.php","meta":{"footnotes":""},"class_list":["post-180","page","type-page","status-publish","hentry"],"_links":{"self":[{"href":"https:\/\/acasca.pt\/index.php?rest_route=\/wp\/v2\/pages\/180","targetHints":{"allow":["GET"]}}],"collection":[{"href":"https:\/\/acasca.pt\/index.php?rest_route=\/wp\/v2\/pages"}],"about":[{"href":"https:\/\/acasca.pt\/index.php?rest_route=\/wp\/v2\/types\/page"}],"author":[{"embeddable":true,"href":"https:\/\/acasca.pt\/index.php?rest_route=\/wp\/v2\/users\/1"}],"replies":[{"embeddable":true,"href":"https:\/\/acasca.pt\/index.php?rest_route=%2Fwp%2Fv2%2Fcomments&post=180"}],"version-history":[{"count":8,"href":"https:\/\/acasca.pt\/index.php?rest_route=\/wp\/v2\/pages\/180\/revisions"}],"predecessor-version":[{"id":202,"href":"https:\/\/acasca.pt\/index.php?rest_route=\/wp\/v2\/pages\/180\/revisions\/202"}],"wp:attachment":[{"href":"https:\/\/acasca.pt\/index.php?rest_route=%2Fwp%2Fv2%2Fmedia&parent=180"}],"curies":[{"name":"wp","href":"https:\/\/api.w.org\/{rel}","templated":true}]}}